{"id":1192,"date":"2021-05-21T08:04:03","date_gmt":"2021-05-21T08:04:03","guid":{"rendered":"https:\/\/www.postrelais.eu\/allgemeine-nutzungsbedinungen\/"},"modified":"2021-11-16T10:59:00","modified_gmt":"2021-11-16T10:59:00","slug":"allgemeine-nutzungsbedinungen","status":"publish","type":"page","link":"https:\/\/www.postrelais.eu\/fr\/allgemeine-nutzungsbedinungen\/","title":{"rendered":"Conditions g\u00e9n\u00e9rales d&rsquo;utilisation"},"content":{"rendered":"<p><strong>Conditions g\u00e9n\u00e9rales d&rsquo;utilisation des appartements de vacances<\/strong><strong> <\/strong><\/p>\n<ol>\n<li><strong><u>Contrat<\/u><\/strong><\/li>\n<\/ol>\n<ul>\n<li>Le propri\u00e9taire est tenu de tenir pr\u00eat l&rsquo;appartement de vacances r\u00e9serv\u00e9 par le client et de fournir les services convenus. L&rsquo;appartement de vacances correspond au niveau d&rsquo;ameublement d&rsquo;un appartement de location moyen. Le propri\u00e9taire n&rsquo;assume une garantie que pour les caract\u00e9ristiques d&rsquo;\u00e9quipement sp\u00e9cifi\u00e9es.<\/li>\n<li>L&rsquo;h\u00f4te est tenu de payer les prix du bailleur applicables ou convenus pour la mise \u00e0 disposition de l&rsquo;appartement de vacances et des autres services utilis\u00e9s par lui.<\/li>\n<li>Tous les prix incluent la TVA<\/li>\n<li>L&rsquo;h\u00f4te est tenu de fournir des informations v\u00e9ridiques sur le nombre de personnes occupant l&rsquo;appartement de vacances. L&rsquo;appartement de vacances est disponible pour un maximum du nombre de personnes indiqu\u00e9 dans l&rsquo;annonce. L&rsquo;occupation avec un nombre sup\u00e9rieur de personnes n\u00e9cessite l&rsquo;accord \u00e9crit pr\u00e9alable du propri\u00e9taire. Dans ce cas, le prix de la mise \u00e0 disposition de l&rsquo;appartement de vacances est port\u00e9 au prix g\u00e9n\u00e9ralement pratiqu\u00e9 par le bailleur pour l&rsquo;occupation correspondante.<\/li>\n<li>Le paiement du prix convenu pour la mise \u00e0 disposition de l&rsquo;appartement de vacances et pour les autres services convenus avec le client est d\u00fb au plus tard le jour de l&rsquo;arriv\u00e9e lors de la remise des cl\u00e9s.<\/li>\n<li>Le propri\u00e9taire se r\u00e9serve le droit d&rsquo;exiger du client un paiement anticip\u00e9 avant son arriv\u00e9e sur le prix convenu pour la mise \u00e0 disposition de l&rsquo;appartement de vacances ainsi que sur les autres services convenus avec le client.<\/li>\n<\/ul>\n<ol start=\"2\">\n<li><strong><u>Droits et devoirs g\u00e9n\u00e9raux ; r\u00e8glement int\u00e9rieur<\/u><\/strong><\/li>\n<\/ol>\n<ul>\n<li>Le client doit traiter l&rsquo;appartement de vacances et son inventaire avec soin. L&rsquo;invit\u00e9 est tenu de respecter le r\u00e8glement int\u00e9rieur. De 22 heures \u00e0 7 heures du matin, c&rsquo;est le repos nocturne. Pendant cette p\u00e9riode, une attention particuli\u00e8re doit \u00eatre port\u00e9e aux autres r\u00e9sidents et aux voisins. La t\u00e9l\u00e9vision et les appareils audio doivent \u00eatre r\u00e9gl\u00e9s sur le volume de la pi\u00e8ce.<\/li>\n<li>L&rsquo;h\u00e9bergement d&rsquo;animaux domestiques de toute sorte n&rsquo;est pas autoris\u00e9 dans l&rsquo;appartement de vacances.<\/li>\n<li>Il est interdit de fumer dans l&rsquo;appartement de vacances. Des frais de nettoyage pouvant aller jusqu&rsquo;\u00e0 200,00 \u20ac s&rsquo;appliquent en cas d&rsquo;infraction. Fumer n&rsquo;est autoris\u00e9 que sur les balcons et les terrasses.<\/li>\n<li>L&rsquo;utilisation d&rsquo;Internet est autoris\u00e9e tant qu&rsquo;elle ne viole pas les r\u00e9glementations l\u00e9gales. Les actes criminels (en particulier les t\u00e9l\u00e9chargements ill\u00e9gaux, les consultations de pages) seront signal\u00e9s et poursuivis. Le client est seul responsable de toute utilisation illicite de l&rsquo;internet.<\/li>\n<li>L&rsquo;installation et\/ou la fixation de mat\u00e9riel de d\u00e9coration (notamment des bougies ou autres) n&rsquo;est pas autoris\u00e9e dans l&rsquo;appartement de vacances. L&rsquo;invit\u00e9 est responsable de tout dommage survenu \u00e0 la suite d&rsquo;un non-respect.<\/li>\n<li>Le propri\u00e9taire a le droit d&rsquo;acc\u00e9der au logement de vacances \u00e0 tout moment, notamment en cas de danger imminent. Lors de l&rsquo;exercice du droit d&rsquo;acc\u00e8s, il est tenu compte des int\u00e9r\u00eats l\u00e9gitimes de l&rsquo;invit\u00e9. Le prestataire informe l&rsquo;invit\u00e9 \u00e0 l&rsquo;avance de l&rsquo;exercice du droit d&rsquo;acc\u00e8s, \u00e0 moins que cela ne soit d\u00e9raisonnable ou impossible pour le prestataire dans les circonstances du cas d&rsquo;esp\u00e8ce.<\/li>\n<\/ul>\n<ol start=\"3\">\n<li><strong><u>Annulation ; Annulation<\/u><\/strong><\/li>\n<\/ol>\n<ul>\n<li>Le client ne peut r\u00e9silier le contrat sans que le bailleur ait \u00e0 faire valoir des droits \u00e0 paiement ou \u00e0 dommages-int\u00e9r\u00eats que si la possibilit\u00e9 de r\u00e9silier le contrat avant une certaine date a \u00e9t\u00e9 convenue par \u00e9crit entre le client et le bailleur. Le client a le droit d&rsquo;annuler son s\u00e9jour jusqu&rsquo;\u00e0 30 jours avant l&rsquo;arriv\u00e9e, sans que le propri\u00e9taire ne puisse exiger de paiement ou de dommages et int\u00e9r\u00eats. Une annulation entre 29-20 jours avant l&rsquo;arriv\u00e9e d\u00e9clenche une demande de paiement ou de dommages et int\u00e9r\u00eats de 30% du prix de l&rsquo;h\u00e9bergement \u00e0 payer. Entre 19 et 10 jours, la demande est de 60 % ; et entre 9 et 5 jours, la demande est de 80 % du prix de l&rsquo;h\u00e9bergement payable. Pour les annulations &lt;5 jours, le client est oblig\u00e9 de payer le prix total de l&rsquo;h\u00e9bergement.<\/li>\n<li>Les annulations doivent \u00eatre faites par \u00e9crit au propri\u00e9taire. Le jour de la r\u00e9ception de la r\u00e9siliation par le bailleur est consid\u00e9r\u00e9 comme le jour de la r\u00e9siliation.<\/li>\n<li>Si le client ne se pr\u00e9sente pas le jour de son arriv\u00e9e, le contrat est consid\u00e9r\u00e9 comme annul\u00e9. Les demandes de paiement ou de dommages et int\u00e9r\u00eats susmentionn\u00e9es s&rsquo;appliquent en cons\u00e9quence. En outre, le propri\u00e9taire peut exiger du client des frais administratifs de 100,00 \u20ac.<\/li>\n<li>Si le droit du client de se retirer du contrat dans un certain d\u00e9lai a \u00e9t\u00e9 convenu par \u00e9crit, le propri\u00e9taire a le droit de se retirer du contrat dans ce d\u00e9lai.<\/li>\n<li>En outre, le bailleur a le droit de se retirer du contrat pour une raison objectivement justifi\u00e9e ou de r\u00e9silier le contrat de mani\u00e8re extraordinaire, si par ex.\n<ul>\n<li>la force majeure ou d&rsquo;autres circonstances dont le bailleur n&rsquo;est pas responsable rendent impossible l&rsquo;ex\u00e9cution du contrat.<\/li>\n<li>le logement de vacances a \u00e9t\u00e9 r\u00e9serv\u00e9 avec des informations trompeuses ou fausses sur des faits essentiels, par exemple sur la personne de l&rsquo;invit\u00e9 ou sur l&rsquo;objet ou sur l&rsquo;occupation ou sur l&rsquo;h\u00e9bergement d&rsquo;animaux,<\/li>\n<li>la maison de vacances est utilis\u00e9e \u00e0 des fins autres que r\u00e9sidentielles<\/li>\n<li>le propri\u00e9taire a des motifs raisonnables de croire que l&rsquo;utilisation du service met en danger la s\u00e9curit\u00e9 ou la tranquillit\u00e9 d&rsquo;esprit des autres invit\u00e9s ou des voisins, ou la r\u00e9putation du propri\u00e9taire en public, sans que cela soit imputable \u00e0 la sph\u00e8re de contr\u00f4le ou d&rsquo;organisation du propri\u00e9taire.<\/li>\n<\/ul>\n<\/li>\n<\/ul>\n<p>&nbsp;<\/p>\n<p>&nbsp;<\/p>\n<ol start=\"4\">\n<li><strong><u>Responsabilit\u00e9 civile<\/u><\/strong><\/li>\n<\/ol>\n<p>&nbsp;<\/p>\n<ul>\n<li>Le propri\u00e9taire est responsable de ses obligations en vertu du contrat. La responsabilit\u00e9 est limit\u00e9e \u00e0 la pr\u00e9m\u00e9ditation et \u00e0 la n\u00e9gligence grave de la part du bailleur, si et dans la mesure o\u00f9 la responsabilit\u00e9 du bailleur n&rsquo;est pas obligatoirement illimit\u00e9e en vertu des dispositions l\u00e9gales. En cas de perturbation ou de d\u00e9faut des services du bailleur, celui-ci s&rsquo;efforce de rem\u00e9dier \u00e0 la perturbation ou au d\u00e9faut d\u00e8s qu&rsquo;il en a connaissance ou que le client se plaint imm\u00e9diatement. L&rsquo;invit\u00e9 est tenu de contribuer ce qui est raisonnable pour lui afin d&rsquo;\u00e9liminer la perturbation ou le d\u00e9faut et de limiter au maximum les dommages \u00e9ventuels.<\/li>\n<li>Le propri\u00e9taire n&rsquo;est pas responsable des objets apport\u00e9s par le client. La responsabilit\u00e9 du bailleur en vertu de ces dispositions est donc express\u00e9ment exclue. Ceci s&rsquo;applique aussi express\u00e9ment aux objets de valeur que le client garde et\/ou laisse dans l&rsquo;appartement de vacances.<\/li>\n<li>L&rsquo;invit\u00e9 est responsable de tous les dommages caus\u00e9s de mani\u00e8re coupable par lui-m\u00eame, ses compagnons de voyage ou ses visiteurs dans la maison de vacances, dans la maison de vacances et\/ou \u00e0 l&rsquo;inventaire de la maison de vacances. Le client est tenu d&rsquo;informer le propri\u00e9taire de tout dommage sans d\u00e9lai. Cela s&rsquo;applique en particulier aux dommages qui peuvent \u00e9galement affecter d&rsquo;autres appartements de la maison (par exemple, d\u00e9g\u00e2ts des eaux, d\u00e9g\u00e2ts du feu).<\/li>\n<\/ul>\n<p>&nbsp;<\/p>\n<p>&nbsp;<\/p>\n<ol start=\"5\">\n<li><strong><u>Arriv\u00e9e et d\u00e9part, remise des cl\u00e9s<\/u><\/strong><\/li>\n<\/ol>\n<p>&nbsp;<\/p>\n<p>&nbsp;<\/p>\n<ul>\n<li>L&rsquo;appartement est disponible \u00e0 partir de 15h00 le jour de l&rsquo;arriv\u00e9e. Les cl\u00e9s sont disponibles \u00e0 la HOFLADEN et peuvent y \u00eatre r\u00e9cup\u00e9r\u00e9es pendant les heures d&rsquo;ouverture. En dehors des heures d&rsquo;ouverture, l&rsquo;acc\u00e8s est possible via un code num\u00e9rique ou un smartphone. Une remise anticip\u00e9e de l&rsquo;appartement peut \u00eatre possible apr\u00e8s consultation avec le propri\u00e9taire.<\/li>\n<\/ul>\n<p>&nbsp;<\/p>\n<ul>\n<li>Le jour du d\u00e9part, l&rsquo;appartement doit \u00eatre remis par le locataire dans un \u00e9tat rang\u00e9 et complet au plus tard \u00e0 11h00. En cas de lib\u00e9ration tardive de l&rsquo;appartement de vacances, le propri\u00e9taire est en droit de facturer un suppl\u00e9ment de 25 % du tarif journalier par heure. Ceci ne s&rsquo;applique pas aux accords pr\u00e9alables avec le propri\u00e9taire.<\/li>\n<\/ul>\n<p>&nbsp;<\/p>\n<ul>\n<li>Le transfert est valable \u00e0 partir du transfert des cl\u00e9s. Ils doivent \u00eatre remis \u00e0 la HOFLADEN. Sur accord pr\u00e9alable, les cl\u00e9s peuvent \u00e9ventuellement \u00eatre laiss\u00e9es sur la table de l&rsquo;appartement de vacances. Le client est tenu de v\u00e9rifier que la porte de l&rsquo;appartement est bien ferm\u00e9e. En cas de perte d&rsquo;une ou plusieurs cl\u00e9s, le client doit verser au propri\u00e9taire une indemnit\u00e9 pour leur remplacement et, si n\u00e9cessaire, pour l&rsquo;installation de nouvelles serrures.<\/li>\n<\/ul>\n<p>&nbsp;<\/p>\n<p>&nbsp;<\/p>\n<ol start=\"6\">\n<li><strong><u>Protection des donn\u00e9es<\/u><\/strong><\/li>\n<\/ol>\n<p>&nbsp;<\/p>\n<p>&nbsp;<\/p>\n<p>&nbsp;<\/p>\n<ul>\n<li>Le locataire s&rsquo;engage \u00e0 garder secr\u00e8tes toutes les donn\u00e9es d&rsquo;acc\u00e8s et \u00e0 ne les transmettre en aucun cas \u00e0 des tiers. Le propri\u00e9taire a le droit de modifier les codes d&rsquo;acc\u00e8s \u00e0 tout moment et \u00e0 bref d\u00e9lai.<\/li>\n<li>Les donn\u00e9es personnelles fournies par le client ne sont pas transmises \u00e0 des tiers par le propri\u00e9taire, sauf si cela est n\u00e9cessaire pour l&rsquo;ex\u00e9cution du contrat.<\/li>\n<\/ul>\n<p>&nbsp;<\/p>\n<p>&nbsp;<\/p>\n<p>&nbsp;<\/p>\n<p>&nbsp;<\/p>\n<ol start=\"7\">\n<li><strong><u>Dispositions finales<\/u><\/strong><\/li>\n<\/ol>\n<p>&nbsp;<\/p>\n<ul>\n<li>Les modifications ou ajouts au pr\u00e9sent contrat doivent \u00eatre faits par \u00e9crit. Les modifications ou ajouts unilat\u00e9raux par l&rsquo;invit\u00e9 ne sont pas valables.<\/li>\n<\/ul>\n<p>&nbsp;<\/p>\n<ul>\n<li>Le contrat est bas\u00e9 sur le droit belge. Le lieu de juridiction est Eupen<\/li>\n<\/ul>\n<p>&nbsp;<\/p>\n<ul>\n<li>Si l&rsquo;une des dispositions ci-dessus est ou devient invalide ou nulle, cela n&rsquo;affecte pas la validit\u00e9 des autres dispositions. La disposition invalide est remplac\u00e9e par une disposition qui se rapproche le plus possible de l&rsquo;objectif de la disposition \u00e0 remplacer. Pour le reste, les dispositions l\u00e9gales s&rsquo;appliquent.<\/li>\n<\/ul>\n","protected":false},"excerpt":{"rendered":"<p>Conditions g\u00e9n\u00e9rales d&rsquo;utilisation des appartements de vacances Contrat Le propri\u00e9taire est tenu de tenir pr\u00eat l&rsquo;appartement de vacances r\u00e9serv\u00e9 par le client et de fournir les services convenus. L&rsquo;appartement de vacances correspond au niveau d&rsquo;ameublement d&rsquo;un appartement de location moyen. Le propri\u00e9taire n&rsquo;assume une garantie que pour les caract\u00e9ristiques d&rsquo;\u00e9quipement sp\u00e9cifi\u00e9es. L&rsquo;h\u00f4te est tenu de [&hellip;]<\/p>\n","protected":false},"author":2,"featured_media":728,"parent":0,"menu_order":0,"comment_status":"closed","ping_status":"closed","template":"","meta":{"_acf_changed":false,"footnotes":""},"class_list":["post-1192","page","type-page","status-publish","has-post-thumbnail","hentry"],"acf":[],"yoast_head":"<!-- This site is optimized with the Yoast SEO plugin v27.5 - https:\/\/yoast.com\/product\/yoast-seo-wordpress\/ -->\n<title>R\u00e9sidence de vacances au c\u0153ur des Ardennes belges - Postrelais Oudler<\/title>\n<meta name=\"description\" content=\"Une r\u00e9sidence avec quatre appartements de vacances \u00e0 Oudler, dans le sud idyllique et naturel de l&#039;Est de la Belgique, au milieu des Ardennes belges.\" \/>\n<meta name=\"robots\" content=\"index, follow, max-snippet:-1, max-image-preview:large, max-video-preview:-1\" \/>\n<link rel=\"canonical\" href=\"https:\/\/www.postrelais.eu\/fr\/allgemeine-nutzungsbedinungen\/\" \/>\n<meta property=\"og:locale\" content=\"fr_FR\" \/>\n<meta property=\"og:type\" content=\"article\" \/>\n<meta property=\"og:title\" content=\"R\u00e9sidence de vacances au c\u0153ur des Ardennes belges - Postrelais Oudler\" \/>\n<meta property=\"og:description\" content=\"Une r\u00e9sidence avec quatre appartements de vacances \u00e0 Oudler, dans le sud idyllique et naturel de l&#039;Est de la Belgique, au milieu des Ardennes belges.\" \/>\n<meta property=\"og:url\" content=\"https:\/\/www.postrelais.eu\/fr\/allgemeine-nutzungsbedinungen\/\" \/>\n<meta property=\"og:site_name\" content=\"Postrelais\" \/>\n<meta property=\"article:modified_time\" content=\"2021-11-16T10:59:00+00:00\" \/>\n<meta property=\"og:image\" content=\"https:\/\/www.postrelais.eu\/wp-content\/uploads\/2021\/05\/thumbnail-6.jpg\" \/>\n\t<meta property=\"og:image:width\" content=\"1934\" \/>\n\t<meta property=\"og:image:height\" content=\"1289\" \/>\n\t<meta property=\"og:image:type\" content=\"image\/jpeg\" \/>\n<meta name=\"twitter:card\" content=\"summary_large_image\" \/>\n<meta name=\"twitter:label1\" content=\"Dur\u00e9e de lecture estim\u00e9e\" \/>\n\t<meta name=\"twitter:data1\" content=\"6 minutes\" \/>\n<script type=\"application\/ld+json\" class=\"yoast-schema-graph\">{\"@context\":\"https:\\\/\\\/schema.org\",\"@graph\":[{\"@type\":\"WebPage\",\"@id\":\"https:\\\/\\\/www.postrelais.eu\\\/fr\\\/allgemeine-nutzungsbedinungen\\\/\",\"url\":\"https:\\\/\\\/www.postrelais.eu\\\/fr\\\/allgemeine-nutzungsbedinungen\\\/\",\"name\":\"R\u00e9sidence de vacances au c\u0153ur des Ardennes belges - Postrelais Oudler\",\"isPartOf\":{\"@id\":\"https:\\\/\\\/www.postrelais.eu\\\/#website\"},\"primaryImageOfPage\":{\"@id\":\"https:\\\/\\\/www.postrelais.eu\\\/fr\\\/allgemeine-nutzungsbedinungen\\\/#primaryimage\"},\"image\":{\"@id\":\"https:\\\/\\\/www.postrelais.eu\\\/fr\\\/allgemeine-nutzungsbedinungen\\\/#primaryimage\"},\"thumbnailUrl\":\"https:\\\/\\\/www.postrelais.eu\\\/wp-content\\\/uploads\\\/2021\\\/05\\\/thumbnail-6.jpg\",\"datePublished\":\"2021-05-21T08:04:03+00:00\",\"dateModified\":\"2021-11-16T10:59:00+00:00\",\"description\":\"Une r\u00e9sidence avec quatre appartements de vacances \u00e0 Oudler, dans le sud idyllique et naturel de l'Est de la Belgique, au milieu des Ardennes belges.\",\"inLanguage\":\"fr-FR\",\"potentialAction\":[{\"@type\":\"ReadAction\",\"target\":[\"https:\\\/\\\/www.postrelais.eu\\\/fr\\\/allgemeine-nutzungsbedinungen\\\/\"]}]},{\"@type\":\"ImageObject\",\"inLanguage\":\"fr-FR\",\"@id\":\"https:\\\/\\\/www.postrelais.eu\\\/fr\\\/allgemeine-nutzungsbedinungen\\\/#primaryimage\",\"url\":\"https:\\\/\\\/www.postrelais.eu\\\/wp-content\\\/uploads\\\/2021\\\/05\\\/thumbnail-6.jpg\",\"contentUrl\":\"https:\\\/\\\/www.postrelais.eu\\\/wp-content\\\/uploads\\\/2021\\\/05\\\/thumbnail-6.jpg\",\"width\":1934,\"height\":1289},{\"@type\":\"WebSite\",\"@id\":\"https:\\\/\\\/www.postrelais.eu\\\/#website\",\"url\":\"https:\\\/\\\/www.postrelais.eu\\\/\",\"name\":\"Postrelais\",\"description\":\"Just another WordPress site\",\"potentialAction\":[{\"@type\":\"SearchAction\",\"target\":{\"@type\":\"EntryPoint\",\"urlTemplate\":\"https:\\\/\\\/www.postrelais.eu\\\/?s={search_term_string}\"},\"query-input\":{\"@type\":\"PropertyValueSpecification\",\"valueRequired\":true,\"valueName\":\"search_term_string\"}}],\"inLanguage\":\"fr-FR\"}]}<\/script>\n<!-- \/ Yoast SEO plugin. -->","yoast_head_json":{"title":"R\u00e9sidence de vacances au c\u0153ur des Ardennes belges - Postrelais Oudler","description":"Une r\u00e9sidence avec quatre appartements de vacances \u00e0 Oudler, dans le sud idyllique et naturel de l'Est de la Belgique, au milieu des Ardennes belges.","robots":{"index":"index","follow":"follow","max-snippet":"max-snippet:-1","max-image-preview":"max-image-preview:large","max-video-preview":"max-video-preview:-1"},"canonical":"https:\/\/www.postrelais.eu\/fr\/allgemeine-nutzungsbedinungen\/","og_locale":"fr_FR","og_type":"article","og_title":"R\u00e9sidence de vacances au c\u0153ur des Ardennes belges - Postrelais Oudler","og_description":"Une r\u00e9sidence avec quatre appartements de vacances \u00e0 Oudler, dans le sud idyllique et naturel de l'Est de la Belgique, au milieu des Ardennes belges.","og_url":"https:\/\/www.postrelais.eu\/fr\/allgemeine-nutzungsbedinungen\/","og_site_name":"Postrelais","article_modified_time":"2021-11-16T10:59:00+00:00","og_image":[{"width":1934,"height":1289,"url":"https:\/\/www.postrelais.eu\/wp-content\/uploads\/2021\/05\/thumbnail-6.jpg","type":"image\/jpeg"}],"twitter_card":"summary_large_image","twitter_misc":{"Dur\u00e9e de lecture estim\u00e9e":"6 minutes"},"schema":{"@context":"https:\/\/schema.org","@graph":[{"@type":"WebPage","@id":"https:\/\/www.postrelais.eu\/fr\/allgemeine-nutzungsbedinungen\/","url":"https:\/\/www.postrelais.eu\/fr\/allgemeine-nutzungsbedinungen\/","name":"R\u00e9sidence de vacances au c\u0153ur des Ardennes belges - Postrelais Oudler","isPartOf":{"@id":"https:\/\/www.postrelais.eu\/#website"},"primaryImageOfPage":{"@id":"https:\/\/www.postrelais.eu\/fr\/allgemeine-nutzungsbedinungen\/#primaryimage"},"image":{"@id":"https:\/\/www.postrelais.eu\/fr\/allgemeine-nutzungsbedinungen\/#primaryimage"},"thumbnailUrl":"https:\/\/www.postrelais.eu\/wp-content\/uploads\/2021\/05\/thumbnail-6.jpg","datePublished":"2021-05-21T08:04:03+00:00","dateModified":"2021-11-16T10:59:00+00:00","description":"Une r\u00e9sidence avec quatre appartements de vacances \u00e0 Oudler, dans le sud idyllique et naturel de l'Est de la Belgique, au milieu des Ardennes belges.","inLanguage":"fr-FR","potentialAction":[{"@type":"ReadAction","target":["https:\/\/www.postrelais.eu\/fr\/allgemeine-nutzungsbedinungen\/"]}]},{"@type":"ImageObject","inLanguage":"fr-FR","@id":"https:\/\/www.postrelais.eu\/fr\/allgemeine-nutzungsbedinungen\/#primaryimage","url":"https:\/\/www.postrelais.eu\/wp-content\/uploads\/2021\/05\/thumbnail-6.jpg","contentUrl":"https:\/\/www.postrelais.eu\/wp-content\/uploads\/2021\/05\/thumbnail-6.jpg","width":1934,"height":1289},{"@type":"WebSite","@id":"https:\/\/www.postrelais.eu\/#website","url":"https:\/\/www.postrelais.eu\/","name":"Postrelais","description":"Just another WordPress site","potentialAction":[{"@type":"SearchAction","target":{"@type":"EntryPoint","urlTemplate":"https:\/\/www.postrelais.eu\/?s={search_term_string}"},"query-input":{"@type":"PropertyValueSpecification","valueRequired":true,"valueName":"search_term_string"}}],"inLanguage":"fr-FR"}]}},"_links":{"self":[{"href":"https:\/\/www.postrelais.eu\/fr\/wp-json\/wp\/v2\/pages\/1192","targetHints":{"allow":["GET"]}}],"collection":[{"href":"https:\/\/www.postrelais.eu\/fr\/wp-json\/wp\/v2\/pages"}],"about":[{"href":"https:\/\/www.postrelais.eu\/fr\/wp-json\/wp\/v2\/types\/page"}],"author":[{"embeddable":true,"href":"https:\/\/www.postrelais.eu\/fr\/wp-json\/wp\/v2\/users\/2"}],"replies":[{"embeddable":true,"href":"https:\/\/www.postrelais.eu\/fr\/wp-json\/wp\/v2\/comments?post=1192"}],"version-history":[{"count":2,"href":"https:\/\/www.postrelais.eu\/fr\/wp-json\/wp\/v2\/pages\/1192\/revisions"}],"predecessor-version":[{"id":1403,"href":"https:\/\/www.postrelais.eu\/fr\/wp-json\/wp\/v2\/pages\/1192\/revisions\/1403"}],"wp:featuredmedia":[{"embeddable":true,"href":"https:\/\/www.postrelais.eu\/fr\/wp-json\/wp\/v2\/media\/728"}],"wp:attachment":[{"href":"https:\/\/www.postrelais.eu\/fr\/wp-json\/wp\/v2\/media?parent=1192"}],"curies":[{"name":"wp","href":"https:\/\/api.w.org\/{rel}","templated":true}]}}